{"id":6240,"date":"2018-10-23T06:11:16","date_gmt":"2018-10-23T06:11:16","guid":{"rendered":"http:\/\/netpoint.systems\/4xled.com\/product\/sm4\/"},"modified":"2025-03-17T22:21:04","modified_gmt":"2025-03-17T22:21:04","slug":"sm4","status":"publish","type":"product","link":"http:\/\/4xled.com\/shop\/pl\/produkt\/sm4\/","title":{"rendered":"SM4"},"content":{"rendered":"<p><strong>Opis:<\/strong><\/p>\n<p><img loading=\"lazy\" decoding=\"async\" class=\" wp-image-6234 aligncenter\" src=\"http:\/\/4xled.com\/shop\/wp-content\/uploads\/2018\/10\/SM4_dymki_PL-1.png\" alt=\"\" width=\"540\" height=\"475\" srcset=\"http:\/\/4xled.com\/shop\/wp-content\/uploads\/2018\/10\/SM4_dymki_PL-1.png 999w, http:\/\/4xled.com\/shop\/wp-content\/uploads\/2018\/10\/SM4_dymki_PL-1-455x400.png 455w, http:\/\/4xled.com\/shop\/wp-content\/uploads\/2018\/10\/SM4_dymki_PL-1-768x676.png 768w, http:\/\/4xled.com\/shop\/wp-content\/uploads\/2018\/10\/SM4_dymki_PL-1-909x800.png 909w, http:\/\/4xled.com\/shop\/wp-content\/uploads\/2018\/10\/SM4_dymki_PL-1-510x449.png 510w\" sizes=\"(max-width: 540px) 100vw, 540px\" \/><\/p>\n<p>&nbsp;<\/p>\n<p><img loading=\"lazy\" decoding=\"async\" class=\"wp-image-6237 aligncenter\" src=\"http:\/\/4xled.com\/shop\/wp-content\/uploads\/2018\/10\/SM4tyl_dymki_PL-1.png\" alt=\"\" width=\"520\" height=\"516\" srcset=\"http:\/\/4xled.com\/shop\/wp-content\/uploads\/2018\/10\/SM4tyl_dymki_PL-1.png 999w, http:\/\/4xled.com\/shop\/wp-content\/uploads\/2018\/10\/SM4tyl_dymki_PL-1-100x100.png 100w, http:\/\/4xled.com\/shop\/wp-content\/uploads\/2018\/10\/SM4tyl_dymki_PL-1-403x400.png 403w, http:\/\/4xled.com\/shop\/wp-content\/uploads\/2018\/10\/SM4tyl_dymki_PL-1-768x763.png 768w, http:\/\/4xled.com\/shop\/wp-content\/uploads\/2018\/10\/SM4tyl_dymki_PL-1-806x800.png 806w, http:\/\/4xled.com\/shop\/wp-content\/uploads\/2018\/10\/SM4tyl_dymki_PL-1-510x506.png 510w\" sizes=\"(max-width: 520px) 100vw, 520px\" \/><\/p>\n<p>&nbsp;<\/p>\n<p>Niesamowicie jasny, to ju\u017c nie jest o\u015bwietlenie dodatkowe, tylko alternatywne \u015bwiat\u0142o d\u0142ugie, daj\u0105ce lepszy efekt o\u015bwietleniowy ni\u017c oryginalne \u015bwiat\u0142a d\u0142ugie w wi\u0119kszo\u015bci pojazd\u00f3w.<\/p>\n<p><strong>WA\u017bNE:<\/strong>\u00a0 Reflektory SM4 nie nadaj\u0105 si\u0119 do u\u017cytku stacjonarnego lub do zabudowy.\u00a0S\u0105 przeznaczone do u\u017cycia na wolnym powietrzu, na pojazdach (potrzebuj\u0105 ruchu powietrza wok\u00f3\u0142 obudowy). Na stoj\u0105cym poje\u017adzie a szczeg\u00f3lnie w pomieszczeniach zamkni\u0119tych, nie powinny by\u0107 w\u0142\u0105czone d\u0142u\u017cej ni\u017c kilka minut, inaczej nast\u0119puje silne nagrzanie i redukcja mocy. W trybie dziennym mo\u017cna \u015bwieci\u0107 bez ogranicze\u0144.<\/p>\n<p><strong>Najbardziej korzystny monta\u017c:<\/strong>\u00a0tak wysoko jak to mo\u017cliwe.<\/p>\n<p>&nbsp;<\/p>\n<p><strong><span class=\"lead\">Filmy:<\/span><\/strong><\/p>\n<p>2x\u00a0SM4 +\u00a0Beta RR hard enduro\u00a0<a href=\"https:\/\/www.youtube.com\/watch?v=vel3nZFt1bo\" target=\"_blank\" rel=\"noopener noreferrer\"><img decoding=\"async\" src=\"http:\/\/liro.pl\/4xled\/images\/YT_knob.png\" alt=\"\" \/><\/a><br \/>\n2x SM4 + BMW R1200 GS\u00a0<a href=\"https:\/\/www.youtube.com\/watch?v=gu5aBPAlEQM\" target=\"_blank\" rel=\"noopener noreferrer\"><img decoding=\"async\" src=\"http:\/\/liro.pl\/4xled\/images\/YT_knob.png\" alt=\"\" \/><\/a><\/p>\n<p>&nbsp;<\/p>\n<p><strong>Cechy:<\/strong><\/p>\n<p>&nbsp;<\/p>\n<ul>\n<li>30\u00a0Wat\u00a0mocy i 3500 lumen\u00a0neutralnie bia\u0142ego \u015bwiat\u0142a (5700K)<\/li>\n<li>frezowana obudowa z wytrzyma\u0142ego stopu aluminium<\/li>\n<li>wysoka szczelno\u015b\u0107\u00a0(IP69K\/konektor IP67)<\/li>\n<li>wbudowana wysokoefektywna\u00a02-stopniowa przetwornica (\u015bwiat\u0142o dzienne\/pe\u0142na moc)<\/li>\n<li>najnowsze diody LED<\/li>\n<li>wysokiej jako\u015bci optyka<\/li>\n<li>zabezpieczenie termiczne, nadnapi\u0119ciowe<\/li>\n<li>wbudowany filtr przeciwzak\u0142\u00f3ceniowy<\/li>\n<li>3\u00a0lata gwarancji<\/li>\n<li>zgodne z CE\u00a0i RoHS<\/li>\n<\/ul>\n<p>&nbsp;<\/p>\n<p><strong>Dane techniczne:<\/strong><\/p>\n<ul>\n<li>Moc: 30 Wat (w trybie dziennym 1,3W)<\/li>\n<li>Napi\u0119cie zasilania: 11-30V DC<\/li>\n<li><strong>Moc \u015bwiat\u0142a: 3500 lumen<\/strong><\/li>\n<li><strong>Masa: 0,09\/0,12kg (bez\/z uchwytem)<\/strong><\/li>\n<li><strong>Wymiary: fi 45&#215;32\u00a0mm\u00a0<\/strong>(g\u0142\u0119boko\u015b\u0107 z konektorem 49mm)<\/li>\n<li>Konektor:\u00a0M8 3-pin (wtyczka z kablem jest w zestawie)<\/li>\n<li><strong>Stopie\u0144 ochrony: IP69K\/konektor IP67<\/strong><\/li>\n<\/ul>\n<p>&nbsp;<\/p>\n<p><strong>Wymiary:<\/strong><\/p>\n<p><img loading=\"lazy\" decoding=\"async\" class=\"wp-image-6155 aligncenter\" src=\"http:\/\/4xled.com\/shop\/wp-content\/uploads\/2018\/10\/SM4-wymiary-1.png\" alt=\"\" width=\"387\" height=\"387\" srcset=\"http:\/\/4xled.com\/shop\/wp-content\/uploads\/2018\/10\/SM4-wymiary-1.png 600w, http:\/\/4xled.com\/shop\/wp-content\/uploads\/2018\/10\/SM4-wymiary-1-100x100.png 100w, http:\/\/4xled.com\/shop\/wp-content\/uploads\/2018\/10\/SM4-wymiary-1-280x280.png 280w, http:\/\/4xled.com\/shop\/wp-content\/uploads\/2018\/10\/SM4-wymiary-1-400x400.png 400w, http:\/\/4xled.com\/shop\/wp-content\/uploads\/2018\/10\/SM4-wymiary-1-510x510.png 510w\" sizes=\"(max-width: 387px) 100vw, 387px\" \/><\/p>\n<p>&nbsp;<\/p>\n<p>g\u0142\u0119boko\u015b\u0107 z konektorem: 49mm<\/p>\n<p>Dla u\u017cytkownik\u00f3w, kt\u00f3rzy maj\u0105 ju\u017c na pojazdach starsze okablowanie\u00a0DRL,\u00a0oferujemy kabel d\u0142ugo\u015bci 0,3m\u00a0z konektorem Superseal, zamiast standardowego kabla\u00a00,7m\u00a0z wolnym ko\u0144cem. Taka wersja mo\u017ce \u0142atwo zast\u0105pi\u0107 wcze\u015bniejsze \u015bwiat\u0142a Supermini i MOTO3. Aby zam\u00f3wi\u0107 t\u0105 wersj\u0119, prosz\u0119 napisa\u0107 w uwagach podczas zamawiania &#8222;z kablem 0,3m Superseal&#8221;.<\/p>\n<p><img loading=\"lazy\" decoding=\"async\" class=\" wp-image-6082 aligncenter\" src=\"http:\/\/4xled.com\/shop\/wp-content\/uploads\/2018\/10\/SM4_Superseal.png\" alt=\"\" width=\"413\" height=\"392\" srcset=\"http:\/\/4xled.com\/shop\/wp-content\/uploads\/2018\/10\/SM4_Superseal.png 500w, http:\/\/4xled.com\/shop\/wp-content\/uploads\/2018\/10\/SM4_Superseal-421x400.png 421w\" sizes=\"(max-width: 413px) 100vw, 413px\" \/><br \/>\n<strong>Mo\u017cliwe wersje specjalne (przed\u0142u\u017cony czas dostawy):<\/strong><\/p>\n<ul>\n<li>bia\u0142e zimne 6500K<\/li>\n<li>bia\u0142e ciep\u0142e 3000K<\/li>\n<li>\u015bwiat\u0142o kolorowe (zielony, niebieski, bursztynowy, czerwony, \u017c\u00f3\u0142ty), zredukowana moc<\/li>\n<li>RGB<\/li>\n<li>podczerwone 950nm z filtrem niewidzialno\u015bci (tylko do kamer czu\u0142ych na podczerwie\u0144)<\/li>\n<li>niestandardowy zredukowany stopie\u0144 mocy (standardowy to 1,2 Wat)<\/li>\n<\/ul>\n","protected":false},"excerpt":{"rendered":"<p><strong>Tutaj kupujesz pojedyncze sztuki (patrz te\u017c zdj. na dole):<\/strong><\/p>\n<ul>\n<li><strong>Reflektor\u00a0SM4 z uchwytem i \u015brub\u0105 mocuj\u0105c\u0105<\/strong><\/li>\n<li><strong>Konektor\u00a0z 0,7m\u00a0kabla<\/strong><\/li>\n<li><strong>Instrukcja<\/strong><\/li>\n<li><strong>Naklejka<\/strong><\/li>\n<\/ul>\n<p><strong>Czas wysy\u0142ki: <span style=\"color: #ff0000;\">3 dni robocze<\/span><\/strong><\/p>\n","protected":false},"featured_media":6045,"template":"","meta":[],"_links":{"self":[{"href":"http:\/\/4xled.com\/shop\/pl\/wp-json\/wp\/v2\/product\/6240\/"}],"collection":[{"href":"http:\/\/4xled.com\/shop\/pl\/wp-json\/wp\/v2\/product\/"}],"about":[{"href":"http:\/\/4xled.com\/shop\/pl\/wp-json\/wp\/v2\/types\/product\/"}],"wp:featuredmedia":[{"embeddable":true,"href":"http:\/\/4xled.com\/shop\/pl\/wp-json\/wp\/v2\/media\/6045\/"}],"wp:attachment":[{"href":"http:\/\/4xled.com\/shop\/pl\/wp-json\/wp\/v2\/media\/?parent=6240"}],"curies":[{"name":"wp","href":"https:\/\/api.w.org\/{rel}","templated":true}]}}